{"id":478,"date":"2025-10-31T07:27:53","date_gmt":"2025-10-31T07:27:53","guid":{"rendered":"https:\/\/konferencja.pwplock.edu.pl\/?page_id=478"},"modified":"2025-10-31T10:11:48","modified_gmt":"2025-10-31T10:11:48","slug":"xiii-miedzynarodowa-konferencja-naukowa","status":"publish","type":"page","link":"https:\/\/konferencja.pwplock.edu.pl\/?page_id=478","title":{"rendered":"XIII Mi\u0119dzynarodowa Konferencja Naukowa"},"content":{"rendered":"<div class=\"wp-block-image\">\n<figure class=\"aligncenter size-full\"><img fetchpriority=\"high\" decoding=\"async\" width=\"756\" height=\"252\" src=\"https:\/\/konferencja.pwplock.edu.pl\/wp-content\/uploads\/2025\/10\/image.png\" alt=\"\" class=\"wp-image-482\" srcset=\"https:\/\/konferencja.pwplock.edu.pl\/wp-content\/uploads\/2025\/10\/image.png 756w, https:\/\/konferencja.pwplock.edu.pl\/wp-content\/uploads\/2025\/10\/image-300x100.png 300w\" sizes=\"(max-width: 756px) 100vw, 756px\" \/><\/figure>\n<\/div>\n\n\n<p>Konferencja naukowa&nbsp;\u201eWsp\u00f3\u0142czesne problemy rozwoju gospodarczego\u201d organizowana jest od 2013 roku przez Kolegium Nauk Ekonomicznych i Spo\u0142ecznych Politechniki Warszawskiej, Filia w P\u0142ocku oraz KN SONDA. W tym roku przypada jej XIII. ju\u017c edycja \u201eWyzwania gospodarki cyfrowej\u201d.&nbsp;Dodatkowo, w tym roku konferencja jest po\u0142\u0105czona z jubileuszem 30-lecia funkcjonowania Kolegium Nauk Ekonomicznych i Spo\u0142ecznych.<\/p>\n\n\n\n<p>Konferencja naukowa w P\u0142ocku&nbsp;jest adresowana do pracownik\u00f3w naukowych i doktorant\u00f3w. Opr\u00f3cz tego zostanie zorganizowany odr\u0119bny panel dla student\u00f3w z zakresu nauk spo\u0142ecznych i zarz\u0105dzania.<\/p>\n\n\n\n<p>Organizatorem Konferencji jest Samorz\u0105d Wojew\u00f3dztwa Mazowieckiego.<\/p>\n\n\n\n<h2 class=\"wp-block-heading\"><strong>Cele konferencji<\/strong><\/h2>\n\n\n\n<p>G\u0142\u00f3wne cele konferencji s\u0105 nast\u0119puj\u0105ce:<\/p>\n\n\n\n<ul class=\"wp-block-list\">\n<li>integracja \u015brodowiska pracownik\u00f3w naukowych zainteresowanych ekonomi\u0105, finansami, zarz\u0105dzaniem oraz funkcjonowaniem gospodarki w r\u00f3\u017cnych jej p\u0142aszczyznach,<\/li>\n\n\n\n<li>prezentacja wynik\u00f3w bada\u0144 naukowych i dyskusja nad nimi,<\/li>\n\n\n\n<li>wymiana informacji na temat pr\u0105d\u00f3w badawczych i dzia\u0142alno\u015bci katedr funkcjonuj\u0105cych w ramach obszar\u00f3w ekonomia, finanse i zarz\u0105dzanie,<\/li>\n\n\n\n<li>dyskusja nad aktualnymi zagadnieniami mikro- i makro-ekonomicznymi w Polsce i na \u015bwiecie oraz ich implikacjami politycznymi,<\/li>\n\n\n\n<li>dyskusja dotycz\u0105ca nauczania przedmiot\u00f3w z obszar\u00f3w ekonomii, finans\u00f3w i zarz\u0105dzania.&nbsp;<\/li>\n<\/ul>\n\n\n\n<p><strong>Konferencja naukowa Politechniki Warszawskiej<\/strong>&nbsp;ma zasi\u0119g mi\u0119dzynarodowy, w kt\u00f3rym regularnie bior\u0105 udzia\u0142 naukowcy z zagranicznych uniwersytet\u00f3w, w tym z Ukrainy, Chin czy Nigerii.<\/p>\n\n\n\n<h2 class=\"wp-block-heading\"><strong>Zakres tematyczny konferencji<\/strong><\/h2>\n\n\n\n<p>Tematem przewodnim konferencji s\u0105 zagadnienia dotycz\u0105ce wyzwa\u0144 zwi\u0105zanych z rozwojem gospodarki cyfrowej.&nbsp;Wsp\u00f3\u0142cze\u015bnie jednym z najszybciej rozwijaj\u0105cych si\u0119 sektor\u00f3w biznesowych jest gospodarka cyfrowa. Polega ona na \u0142\u0105czeniu ludzi, przedsi\u0119biorstw, urz\u0105dze\u0144, danych i operacji za po\u015brednictwem technologii cyfrowej. Transformacja cyfrowa wymaga od organizacji fundamentalnych zmian w sposobie dzia\u0142ania. Stajemy si\u0119 cz\u0119\u015bci\u0105 gospodarki cyfrowej, wykorzystuj\u0105c np. analityk\u0119 danych, sztuczn\u0105 inteligencj\u0119, blockchain czy technologi\u0119 Internetu rzeczy (IoT).<\/p>\n\n\n\n<p>Organizatorem Konferencji jest Samorz\u0105d Wojew\u00f3dztwa Mazowieckiego.<\/p>\n\n\n<div class=\"wp-block-image\">\n<figure class=\"aligncenter size-full\"><img decoding=\"async\" width=\"448\" height=\"303\" src=\"https:\/\/konferencja.pwplock.edu.pl\/wp-content\/uploads\/2025\/10\/image-2.png\" alt=\"\" class=\"wp-image-489\" srcset=\"https:\/\/konferencja.pwplock.edu.pl\/wp-content\/uploads\/2025\/10\/image-2.png 448w, https:\/\/konferencja.pwplock.edu.pl\/wp-content\/uploads\/2025\/10\/image-2-300x203.png 300w\" sizes=\"(max-width: 448px) 100vw, 448px\" \/><\/figure>\n<\/div>\n\n\n<p>Transformacja cyfrowa mo\u017ce by\u0107 kluczowym czynnikiem przyczyniaj\u0105cym si\u0119 do inkluzywnego wzrostu gospodarczego (Raport B20, organizacji przygotowuj\u0105cej rekomendacje biznesowe dla grupy G20).<\/p>\n\n\n\n<p>Rozw\u00f3j technologii cyfrowych prowadzi m.in. do: poprawy komunikacji mi\u0119dzy osobami i organizacjami. Pozwala to zaoszcz\u0119dzi\u0107 czas dzi\u0119ki szybszej reakcji i operacjom dokonywanym w czasie rzeczywistym; wi\u0119kszej elastyczno\u015bci w miejscu pracy (praca zdalna); prze\u0142amywania barier geograficznych; wzrostu globalizacji; lepszego dost\u0119pu do nowoczesnych narz\u0119dzi i technologii; rozwoju wsp\u00f3\u0142pracy mi\u0119dzynarodowej; szerszego dost\u0119pu do edukacji czy poprawy jako\u015bci us\u0142ug publicznych. Nale\u017cy jednak pami\u0119ta\u0107 o tym, \u017ce konsekwencj\u0105 cyfryzacji gospodarki s\u0105 r\u00f3wnie\u017c negatywne zjawiska. Chodzi tu m.in. o:<\/p>\n\n\n\n<ul class=\"wp-block-list\">\n<li>cyberprzest\u0119pczo\u015b\u0107;<\/li>\n\n\n\n<li>ograniczenie dost\u0119pu do wielu obszar\u00f3w funkcjonowania tylko dla podmiot\u00f3w dysponuj\u0105cych dost\u0119pem do nowoczesnych urz\u0105dze\u0144 i technologii;<\/li>\n\n\n\n<li>szerszy dost\u0119p to tre\u015bci spo\u0142ecznie niepo\u017c\u0105danych;<\/li>\n\n\n\n<li>rozw\u00f3j Deepfake;<\/li>\n\n\n\n<li>uzale\u017cnienie od urz\u0105dze\u0144 cyfrowych (szczeg\u00f3lnie w\u015br\u00f3d m\u0142odzie\u017cy i dzieci);<\/li>\n\n\n\n<li>os\u0142abienie wi\u0119zi rodzinnych i spo\u0142ecznych.&nbsp;<\/li>\n<\/ul>\n\n\n\n<p>Badanie wp\u0142ywu cyfryzacji na szeroko rozumian\u0105 gospodark\u0119 powinno opiera\u0107 si\u0119 na podej\u015bciu interdyscyplinarnym, tzn. obejmuj\u0105cym dane dotycz\u0105ce:<\/p>\n\n\n\n<ul class=\"wp-block-list\">\n<li>zarz\u0105dzania,<\/li>\n\n\n\n<li>ekonomii klasycznej,<\/li>\n\n\n\n<li>ekonomii behawioralnej,<\/li>\n\n\n\n<li>ekonomii instytucjonalnej,<\/li>\n\n\n\n<li>zdrowia publicznego,<\/li>\n\n\n\n<li>edukacji, psychologii,<\/li>\n\n\n\n<li>analizy systemowej.<\/li>\n<\/ul>\n\n\n\n<p>Dzi\u0119ki temu mo\u017cliwe jest zbadania wyzwa\u0144 zwi\u0105zanych z rozwojem gospodarki cyfrowej z punktu widzenia ekonomii, zarz\u0105dzania, psychologii, medycyny, finans\u00f3w, spo\u0142ecze\u0144stwa.<\/p>\n\n\n\n<h2 class=\"wp-block-heading\"><strong>Bloki tematyczne<\/strong><\/h2>\n\n\n\n<p>W ramach tego obszaru proponujemy&nbsp;<strong>bloki tematyczne<\/strong>&nbsp;obejmuj\u0105ce swym zakresem wp\u0142yw gospodarki cyfrowej na:<\/p>\n\n\n\n<ul class=\"wp-block-list\">\n<li>gospodarstwa domowe.<\/li>\n\n\n\n<li>wska\u017aniki makroekonomiczne,<\/li>\n\n\n\n<li>rynek pracy,<\/li>\n\n\n\n<li>przedsi\u0119biorstwa,<\/li>\n\n\n\n<li>podmioty sektora publicznego (m.in. ochrona zdrowia, szkolnictwo, administracja centralna i lokalna).<\/li>\n<\/ul>\n\n\n\n<p>Udzia\u0142 w konferencji jest bezp\u0142atny.<\/p>\n\n\n\n<h2 class=\"wp-block-heading\"><strong>Terminarz Konferencji<\/strong><\/h2>\n\n\n\n<p>Zg\u0142oszenie uczestnictwa \u2013 do&nbsp;18.05.2025&nbsp;(rejestracja on-line)&nbsp;<\/p>\n\n\n\n<p>Przes\u0142anie artyku\u0142u do Monografii pokonferencyjnej \u2013&nbsp;8.06.2025.<\/p>\n\n\n\n<p>Udzia\u0142 w wydarzeniu, jakim jest konferencja naukowa, daje r\u00f3wnie\u017c mo\u017cliwo\u015b\u0107 opublikowania rozdzia\u0142u w monografii pokonferencyjnej. Warunkiem opublikowania opracowania naukowego jest prezentacja referatu w trakcie konferencji i uzyskanie pozytywnej recenzji. Prezentacja referatu mo\u017ce odby\u0107 si\u0119 online lub stacjonarnie \u2013 zgodnie z informacjami zamieszczonymi w zak\u0142adce&nbsp;<a href=\"https:\/\/konferencja.pwplock.edu.pl\/?page_id=122\"><strong>Rejestracja<\/strong><\/a>).<\/p>\n\n\n\n<h2 class=\"wp-block-heading\"><strong>Publikacja artyku\u0142u w Monografii<\/strong><\/h2>\n\n\n\n<p>Ka\u017cdy autor mo\u017ce zg\u0142osi\u0107 maksymalnie dwa opracowania naukowe (jeden samodzielny i jeden wsp\u00f3\u0142autorski).<\/p>\n\n\n\n<p>Rozdzia\u0142y do monografii naukowej nale\u017cy przygotowa\u0107 zgodnie z zasadami okre\u015blonymi w \u201eWymogach edytorskich publikacji pokonferencyjnej\u201d.<\/p>\n\n\n\n<p>Studenci zg\u0142aszaj\u0105cy opracowania naukowe musz\u0105 mie\u0107 opiekuna naukowego (co najmniej z tytu\u0142em doktora).<\/p>\n\n\n\n<p>Uczestnictwo w konferencji i publikacja w monografii s\u0105 bezp\u0142atne.<\/p>\n\n\n\n<p>Poni\u017cej mog\u0105 Pa\u0144stwo znale\u017a\u0107 Monografi\u0119 opublikowan\u0105 w zwi\u0105zku z XIII Mi\u0119dzynarodow\u0105 Konferencj\u0105 Wsp\u00f3\u0142czesne Problemy Rozwoju Gospodarczego \u2013 Wyzwania gospodarki cyfrowej:<\/p>\n\n\n\n<p><a href=\"https:\/\/www.pw.plock.pl\/Kolegium-NEiS\/Publikacje-w-KNEiS\/Ochrona-zdrowia-administracja-publiczna-rynek-pracy-i-zmiany-spoleczne-w-gospodarce-cyfrowej\">Pomaranik, W. (2025). Ochrona zdrowia, administracja publiczna, rynek pracy i zmiany spo\u0142eczne w gospodarce cyfrowej (s. 189). Politechnika Warszawska<\/a><\/p>\n\n\n\n<p><a href=\"https:\/\/www.pw.plock.pl\/Kolegium-NEiS\/Publikacje-w-KNEiS\/Przedsiebiorstwa-w-gospodarce-cyfrowej\">Pomaranik, W., &amp; Piekut, M. (2025). Przedsi\u0119biorstwa w gospodarce cyfrowej (s. 188). Politechnika Warszawska<\/a><\/p>\n\n\n\n<p><a href=\"https:\/\/www.pw.plock.pl\/Kolegium-NEiS\/Publikacje-w-KNEiS\/Digital-And-Green-Transformation-In-The-Context-Of-Households-Markets-And-Public-Policies\">Piekut, M., &amp; Knapkova, M. (2025). Digital and Green Transformation in the Context of Households, Markets, and Public Policies<\/a><\/p>\n\n\n\n<p><a href=\"https:\/\/www.pw.plock.pl\/Kolegium-NEiS\/Publikacje-w-KNEiS\/Wspolczesne-problemy-gospodarcze-Wyzwania-gospodarki-cyfrowej\">Kapela, M., &amp; St\u0119pniak-Kucharska, A. (2025). Wsp\u00f3\u0142czesne problemy gospodarcze : wyzwania gospodarki cyfrowej<\/a><\/p>\n\n\n\n<p>Serdecznie zapraszamy do zapoznania si\u0119 z publikacjami z lat poprzednich:<a href=\"https:\/\/konferencja.pwplock.edu.pl\/?page_id=59\"><strong>&nbsp;Konferencja naukowa \u2013 poprzednie edycje<\/strong><\/a>.<\/p>\n\n\n\n<h2 class=\"wp-block-heading\"><strong>Konkurs dla Student\u00f3w<\/strong><\/h2>\n\n\n\n<p>W ramach wspierania dzia\u0142alno\u015bci badawczo-naukowej m\u0142odych naukowc\u00f3w zorganizowany zostanie konkurs na najlepszy artyku\u0142 zg\u0142oszony przez Student\u00f3w.<\/p>\n\n\n\n<p><strong>Nagrody:<\/strong><\/p>\n\n\n\n<ul class=\"wp-block-list\">\n<li>1000 z\u0142 za pierwsze miejsce,<\/li>\n\n\n\n<li>600 z\u0142 za drugie miejsce,<\/li>\n\n\n\n<li>400 z\u0142 za trzecie miejsce.<\/li>\n<\/ul>\n\n\n\n<p><strong>Kto mo\u017ce wzi\u0105\u0107 udzia\u0142?<\/strong><br>Konkurs jest przeznaczony dla student\u00f3w studi\u00f3w I i II stopnia.<\/p>\n\n\n\n<p><strong>Warunki udzia\u0142u:<\/strong><\/p>\n\n\n\n<ul class=\"wp-block-list\">\n<li>referat musi by\u0107 autorski i zgodny z tematyk\u0105 wydarzenia,<\/li>\n\n\n\n<li>wsp\u00f3\u0142autorzy dziel\u0105 nagrod\u0119 proporcjonalnie,<\/li>\n\n\n\n<li>prezentacja referatu odb\u0119dzie si\u0119 podczas konferencji na sesji studenckiej.<\/li>\n<\/ul>\n\n\n\n<p><strong>Ocena referat\u00f3w obejmuje:<\/strong><\/p>\n\n\n\n<ul class=\"wp-block-list\">\n<li>oryginalno\u015b\u0107 i aktualno\u015b\u0107 tematu,<\/li>\n\n\n\n<li>metodologi\u0119 badawcz\u0105,<\/li>\n\n\n\n<li>interpretacj\u0119 wynik\u00f3w,<\/li>\n\n\n\n<li>poprawno\u015b\u0107 j\u0119zykow\u0105 i struktur\u0119.<\/li>\n<\/ul>\n\n\n\n<h2 class=\"wp-block-heading\"><strong>Terminarz<\/strong><\/h2>\n\n\n\n<ul class=\"wp-block-list\">\n<li>Zg\u0142oszenie uczestnictwa \u2013 do&nbsp;18.05.2025&nbsp;(rejestracja on-line)&nbsp;<\/li>\n\n\n\n<li>Wyg\u0142oszenie referatu<strong>:<\/strong>&nbsp;30.05.2025, Muzeum Mazowieckie w P\u0142ocku \u2013 Dzia\u0142 Art Deco (stacjonarnie\/online)<\/li>\n\n\n\n<li>Przes\u0142anie artyku\u0142u do Monografii pokonferencyjnej \u2013&nbsp;8.06.2025.<\/li>\n<\/ul>\n\n\n\n<p>Komisja Konkursowa w sk\u0142adzie: dr hab. Piotr Urbanek, profesor uczelni, dr Wioletta Pomaranik oraz dr Katarzyna Osiecka-Sajnog oceni\u0142a zg\u0142oszone referaty i wybra\u0142a Laureat\u00f3w konkursu:<\/p>\n\n\n\n<p><strong>I miejsce \u2013 Mateusz Drabik z Politechniki Warszawskiej<\/strong>&nbsp;za referat pt. \u201eCyfrowa \u015bcie\u017cka pacjenta:\u202fwp\u0142yw informacji on\u2011line na wyb\u00f3r lekarza i plac\u00f3wki medycznej\u201d,<\/p>\n\n\n\n<p><strong>II miejsce \u2013 Sebastian Wazia z Uniwersytetu Ekonomicznego w Katowicach<\/strong>&nbsp;za referat pt. \u201eZabezpieczenie przed ryzykami cybernetycznymi w mikro i ma\u0142ych przedsi\u0119biorstwach \u2013 wyniki bada\u0144 eksploracyjnych\u201d,<\/p>\n\n\n\n<p><strong>III miejsce \u2013 Zofia Bizan z Uniwersytetu im. Adama Mickiewicza w Poznaniu<\/strong>&nbsp;za referat pt. \u201eWp\u0142yw e-administracji na jako\u015b\u0107 us\u0142ug publicznych w Azerbejd\u017canie: Studium przypadku systemu ASAN xidm\u0259t\u201d.<\/p>\n\n\n\n<p>Wszystkim Laureatom gratulujemy i \u017cyczymy dalszych sukces\u00f3w naukowych.<\/p>\n\n\n\n<h2 class=\"wp-block-heading\"><strong>Rada Programowa<\/strong><\/h2>\n\n\n\n<ul class=\"wp-block-list\">\n<li>dr hab. Magdalena Kludacz-Alessandri, prof. uczelni, Politechnika Warszawska (Przewodnicz\u0105ca)<\/li>\n\n\n\n<li>dr hab. in\u017c. Marlena Piekut, prof. uczelni, Politechnika Warszawska (Wiceprzewodnicz\u0105ca)<\/li>\n\n\n\n<li>dr hab. Nataliia Antoniuk, prof. of National Academy of Management, Kij\u00f3w, Ukraina<\/li>\n\n\n\n<li>prof. dr hab. in\u017c. Agnieszka Bitkowska, Politechnika Warszawska<\/li>\n\n\n\n<li>dr hab. Ma\u0142gorzata Cyga\u0144ska, Uniwersytet Warmi\u0144sko-Mazurski w Olsztynie, prof. uczelni<\/li>\n\n\n\n<li>prof. dr Elena De la Poza, Polytechnic University of Valencia, Hiszpania<\/li>\n\n\n\n<li>dr hab. in\u017c. Liliana Hawrysz, prof. uczelni, Politechnika Wroc\u0142awska<\/li>\n\n\n\n<li>doc. mgr. ing. Miroslava Knapkov\u00e1, PhD, Matej Bel University, Banska Bystrzyca, Slowacja<\/li>\n\n\n\n<li>dr hab. Leszek Kucharski, prof. uczelni, Uniwersytet \u0141\u00f3dzki<\/li>\n\n\n\n<li>prof. dr hab. Eugeniusz Kwiatkowski, Politechnika Warszawska<\/li>\n\n\n\n<li>dr hab. Magdalena Majchrzak, prof. uczelni, Politechnika Warszawska<\/li>\n\n\n\n<li>prof. Oleksandr Maslak, Lviv Polytechnic National University, Ukraina<\/li>\n\n\n\n<li>dr hab. Marta Nowak, prof. uczelni, Uniwersytet Ekonomiczny we Wroc\u0142awiu<\/li>\n\n\n\n<li>prof. Hacer \u00d6zgen Narci, Istinye University, Turcja<\/li>\n\n\n\n<li>dr hab. Anna Pacian, prof. uczelni, Uniwersytet Medyczny w Lublinie<\/li>\n\n\n\n<li>dr hab. Jolanta Pacian, prof. uczelni, Uniwersytet Medyczny w Lublinie<\/li>\n\n\n\n<li>prof. Yuriy Petrushenko, Sumy State University, Ukraina<\/li>\n\n\n\n<li>dr hab. in\u017c. Paula Pyp\u0142acz, Politechnika Cz\u0119stochowska<\/li>\n\n\n\n<li>prof. Vita Semaniuk, West Ukrainian National University, Ternopil, Ukraina<\/li>\n\n\n\n<li>dr hab. in\u017c. Klaudia Smol\u0105g, prof. uczelni, Politechnika Cz\u0119stochowska<\/li>\n\n\n\n<li>dr hab. Piotr Szczypa, prof. uczelni, Politechnika Warszawska<\/li>\n\n\n\n<li>prof. Marina Valentukevi\u010dien\u0117, Vilnius Gediminas Technical University, Wilno, Litwa<\/li>\n\n\n\n<li>dr hab. in\u017c. Renata Walczak, prof. uczelni, Politechnika Warszawska<\/li>\n\n\n\n<li>prof. Wei Zhang, Huazhong University of Science and Technology, Chiny<\/li>\n<\/ul>\n\n\n\n<h2 class=\"wp-block-heading\"><strong>Komitet Organizacyjny<\/strong><\/h2>\n\n\n\n<ul class=\"wp-block-list\">\n<li>dr Anna St\u0119pniak-Kucharska \u2013 Przewodnicz\u0105ca<\/li>\n\n\n\n<li>dr Magdalena Kapela \u2013 Sekretarz<\/li>\n\n\n\n<li>dr Wioletta Pomaranik<\/li>\n\n\n\n<li>mgr Emil Zelma<\/li>\n\n\n\n<li>Oskar Bezel \u2013 Przewodnicz\u0105cy KN SONDA<\/li>\n<\/ul>\n\n\n\n<h2 class=\"wp-block-heading\"><strong>Uczestnicy panelu<\/strong><\/h2>\n\n\n\n<p>Cz\u0119\u015bci\u0105 konferencji by\u0142 panel dyskusyjny z udzia\u0142em przedstawicieli biznesu, administracji publicznej oraz szkolnictwa wy\u017cszego. Uczestnicy rozmawiali o szansach i wyzwaniach, jakie niesie ze sob\u0105 rozw\u00f3j gospodarki cyfrowej, dziel\u0105c si\u0119 wiedz\u0105 i do\u015bwiadczeniem.<\/p>\n\n\n\n<p><strong>Krzysztof Sulkowski \u2013 Za\u0142o\u017cyciel i Prezes SoftHard S.A.<\/strong><\/p>\n\n\n\n<p>Absolwent Wydzia\u0142u Mechaniki Politechniki Warszawskiej Filii w P\u0142ocku, od 1989 roku prowadzi dzia\u0142alno\u015b\u0107 zwi\u0105zan\u0105 z tworzeniem oprogramowania komputerowego.<\/p>\n\n\n\n<p>Pocz\u0105tki firmy si\u0119gaj\u0105 1989 roku, w kt\u00f3rym w P\u0142ocku powsta\u0142o Przedsi\u0119biorstwo Techniki i Informatyki \u201eMazowsze\u201d sp. z o.o., kt\u00f3re po kilkukrotnych przekszta\u0142ceniach obecnie dzia\u0142a pod szyldem SoftHard S.A. Firma oferuje klientom Zintegrowany System Informatyczny Papirus SQL i jest liderem w\u015br\u00f3d dostawc\u00f3w oprogramowania dla rynku zarz\u0105dc\u00f3w nieruchomo\u015bci.<\/p>\n\n\n\n<p>SoftHard S.A. za swoje osi\u0105gni\u0119cia w bran\u017cy zdoby\u0142 wiele nagr\u00f3d, wyr\u00f3\u017cnie\u0144 i certyfikat\u00f3w m.in. \u201eGazele Biznesu\u201d, \u201eGepardy Biznesu\u201d, \u201ePrzedsi\u0119biorstwo Fair Play\u201d czy \u201eDiamenty Forbesa\u201d.<\/p>\n\n\n\n<p><strong>Jarek Przybyszewski&nbsp;\u2013&nbsp;Wsp\u00f3\u0142za\u0142o\u017cyciel firmy BlissPoint.Space<\/strong><\/p>\n\n\n\n<p>Absolwent Politechniki Warszawskiej, do\u015bwiadczony mened\u017cer z do\u015bwiadczeniem w budowaniu i kierowaniu zespo\u0142ami w eCommerce, marketingu oraz IT. Zrealizowa\u0142 wiele projekt\u00f3w dla firm zajmuj\u0105cych si\u0119 sprzeda\u017c\u0105 detaliczn\u0105, FMCG oraz dla przedsi\u0119biorstw finansowych. Projekty dotyczy\u0142y zar\u00f3wno rynk\u00f3w regionalnych jak i \u015bwiatowych i odnios\u0142y ogromny sukces.<\/p>\n\n\n\n<p>Zdoby\u0142 r\u00f3wnie\u017c do\u015bwiadczenie w startupach (Pathfinder23), w \u015brodowisku korporacyjnym (Saatchi &amp; Saatchi IS, Accenture, HP) oraz w mi\u0119dzynarodowych instytucjach (CERN, Szwajcaria).<\/p>\n\n\n\n<p>Uwielbia uczy\u0107 si\u0119 nowych rzeczy, rozwi\u0105zywa\u0107 z\u0142o\u017cone problemy oraz planuje uko\u0144czy\u0107 triatlon IronMan w Kona na Hawajach.<\/p>\n\n\n\n<p><strong>Dr Monika Jarz\u0119bska&nbsp;\u2013&nbsp;naczelnik urz\u0119du skarbowego, wyk\u0142adowca akademicki, m\u00f3wca inspiracyjny i motywacyjny<\/strong><\/p>\n\n\n\n<p>Doktor nauk ekonomicznych, zwi\u0105zana z Politechnik\u0105 Warszawsk\u0105. Od wielu lat pe\u0142ni funkcj\u0119 naczelnika urz\u0119du skarbowego, gdzie zdobywa praktyczne do\u015bwiadczenie w zarz\u0105dzaniu organizacj\u0105 oraz doskonaleniu jako\u015bci us\u0142ug w administracji publicznej. Jako ekspert w zarz\u0105dzaniu prowadzi cenione szkolenia dla kadry mened\u017cerskiej, znane z praktycznego podej\u015bcia do rozwi\u0105zywania problem\u00f3w.<\/p>\n\n\n\n<p>Koordynatorka wdro\u017cenia prostego j\u0119zyka w administracji skarbowej w wojew\u00f3dztwie mazowieckim.&nbsp; Wsp\u00f3\u0142autorka ksi\u0105\u017cek \u201eSztuka inspirowania\u201d, \u201eMoc s\u0142\u00f3w\u201d i \u201eChaos czy tw\u00f3rcza destrukcja?\u201d. M\u00f3wca inspiracyjny i motywacyjny.<\/p>\n\n\n\n<p><strong>Dr hab. Ma\u0142gorzata Sidor-Rz\u0105dkowska \u2013 nauczyciel akademicki, praktyk zarz\u0105dzania<\/strong><\/p>\n\n\n\n<p>Absolwentka Wydzia\u0142u Filozofii Uniwersytetu Warszawskiego (specjalizacja etyka), doktor nauk humanistycznych (dziedzina: polityka spo\u0142eczna) UW, habilitacj\u0119 uzyska\u0142a w dyscyplinie nauk o zarz\u0105dzaniu i jako\u015bci. Jest profesorem na Wydziale Zarz\u0105dzania Politechniki Warszawskiej, ekspertem&nbsp; Narodowej Agencji Wymiany Akademickiej. W wydawnictwie Wolters Kluwer opublikowa\u0142a 11 ksi\u0105\u017cek po\u015bwi\u0119conych wspieraniu rozwoju jednostek, zespo\u0142\u00f3w i organizacji, z kt\u00f3rych 4 uzyska\u0142y status bestseller\u00f3w. Aktywnie dzia\u0142a tak\u017ce jako praktyk zarz\u0105dzania \u2013 jest certyfikowanym coachem, trenerem&nbsp; i konsultantem, zar\u00f3wno w organizacjach biznesowych, jak i w administracji publicznej.<\/p>\n\n\n\n<p><strong>Mateusz Drabik \u2013 Student studi\u00f3w magisterskich na kierunku Ekonomia na Politechnice Warszawskiej Filia w P\u0142ocku, cz\u0142onek Ko\u0142a Naukowego SONDA<\/strong><\/p>\n\n\n\n<p>Zawodowo Analityk Biznesowy w bran\u017cy medycznej. Autor kilku wyst\u0105pie\u0144 oraz publikacji naukowych, g\u0142\u00f3wnie w obszarze ochrony zdrowia. Entuzjasta obszaru IT, sztucznej inteligencji, e-biznesu oraz finans\u00f3w.<\/p>\n\n\n\n<h2 class=\"wp-block-heading\"><strong>Patroni Konferencji<\/strong><\/h2>\n\n\n\n<p><strong>Patronat honorowy<\/strong><\/p>\n\n\n\n<p><a href=\"https:\/\/mazovia.pl\/\">Marsza\u0142ek Wojew\u00f3dztwa Mazowieckiego<\/a><\/p>\n\n\n\n<p><a href=\"https:\/\/powiat-plock.pl\/dla-mediow\/do-pobrania\/111-starosta-plocki-sylwester-ziemkiewicz\">Starosta P\u0142ocki<\/a><\/p>\n\n\n\n<p><a href=\"https:\/\/nowybip.plock.eu\/5oI4xi8W\/prezydent-miasta-plocka-andrzej-nowakowski\">Prezydent Miasta P\u0142ocka<\/a><\/p>\n\n\n\n<p><a href=\"https:\/\/www.pw.edu.pl\/uczelnia\/rektor\">Rektor Politechniki Warszawskiej<\/a><\/p>\n\n\n\n<p><a href=\"https:\/\/www.pw.plock.pl\/Filia\/Wladze-Filii\">Prorektor ds. Filii w P\u0142ocku<\/a><\/p>\n\n\n\n<p><a href=\"https:\/\/www.pte.pl\/\">Polskie Towarzystwo Ekonomiczne<\/a><\/p>\n\n\n\n<p><strong>Patronat medialny:<\/strong><\/p>\n\n\n\n<p><a href=\"https:\/\/tp.com.pl\/\">Tygodnik P\u0142ocki<\/a><\/p>\n\n\n\n<p><a href=\"https:\/\/krdp.fm\/\">Katolickie Radio P\u0142ock<\/a><\/p>\n\n\n<div class=\"wp-block-image\">\n<figure class=\"aligncenter size-full\"><img decoding=\"async\" width=\"1024\" height=\"180\" src=\"https:\/\/konferencja.pwplock.edu.pl\/wp-content\/uploads\/2025\/10\/image-3.png\" alt=\"\" class=\"wp-image-491\" srcset=\"https:\/\/konferencja.pwplock.edu.pl\/wp-content\/uploads\/2025\/10\/image-3.png 1024w, https:\/\/konferencja.pwplock.edu.pl\/wp-content\/uploads\/2025\/10\/image-3-300x53.png 300w, https:\/\/konferencja.pwplock.edu.pl\/wp-content\/uploads\/2025\/10\/image-3-768x135.png 768w\" sizes=\"(max-width: 1024px) 100vw, 1024px\" \/><\/figure>\n<\/div>\n\n<div class=\"wp-block-image\">\n<figure class=\"aligncenter size-full\"><img loading=\"lazy\" decoding=\"async\" width=\"880\" height=\"188\" src=\"https:\/\/konferencja.pwplock.edu.pl\/wp-content\/uploads\/2025\/10\/image-4.png\" alt=\"\" class=\"wp-image-492\" srcset=\"https:\/\/konferencja.pwplock.edu.pl\/wp-content\/uploads\/2025\/10\/image-4.png 880w, https:\/\/konferencja.pwplock.edu.pl\/wp-content\/uploads\/2025\/10\/image-4-300x64.png 300w, https:\/\/konferencja.pwplock.edu.pl\/wp-content\/uploads\/2025\/10\/image-4-768x164.png 768w\" sizes=\"(max-width: 880px) 100vw, 880px\" \/><\/figure>\n<\/div>\n\n<div class=\"wp-block-image\">\n<figure class=\"aligncenter size-full\"><img loading=\"lazy\" decoding=\"async\" width=\"300\" height=\"137\" src=\"https:\/\/konferencja.pwplock.edu.pl\/wp-content\/uploads\/2025\/10\/image-5.png\" alt=\"\" class=\"wp-image-493\"\/><\/figure>\n<\/div>\n\n<div class=\"wp-block-image\">\n<figure class=\"aligncenter size-full\"><img loading=\"lazy\" decoding=\"async\" width=\"642\" height=\"166\" src=\"https:\/\/konferencja.pwplock.edu.pl\/wp-content\/uploads\/2025\/10\/image-6.png\" alt=\"\" class=\"wp-image-494\" srcset=\"https:\/\/konferencja.pwplock.edu.pl\/wp-content\/uploads\/2025\/10\/image-6.png 642w, https:\/\/konferencja.pwplock.edu.pl\/wp-content\/uploads\/2025\/10\/image-6-300x78.png 300w\" sizes=\"(max-width: 642px) 100vw, 642px\" \/><\/figure>\n<\/div>\n\n\n<h2 class=\"wp-block-heading\"><strong>Sponsorzy Konferencji<\/strong><\/h2>\n\n\n\n<p><strong><br>G\u0142\u00f3wny Sponsor XIII Mi\u0119dzynarodowej Konferencji Naukowej \u201eWsp\u00f3\u0142czesne problemy rozwoju gospodarczego \u2013 Wyzwania gospodarki cyfrowej:<\/strong><\/p>\n\n\n\n<p><a href=\"https:\/\/www.orlen.pl\/pl\">Orlen S.A.<\/a><\/p>\n\n\n<div class=\"wp-block-image\">\n<figure class=\"aligncenter\"><img loading=\"lazy\" decoding=\"async\" width=\"213\" height=\"213\" src=\"https:\/\/konferencja.pwplock.edu.pl\/wp-content\/uploads\/2025\/04\/image-14.png\" alt=\"\" class=\"wp-image-369\" srcset=\"https:\/\/konferencja.pwplock.edu.pl\/wp-content\/uploads\/2025\/04\/image-14.png 213w, https:\/\/konferencja.pwplock.edu.pl\/wp-content\/uploads\/2025\/04\/image-14-150x150.png 150w\" sizes=\"(max-width: 213px) 100vw, 213px\" \/><\/figure>\n<\/div>\n\n\n<p><strong>Z\u0142oty Sponsor<\/strong><\/p>\n\n\n\n<p><a href=\"https:\/\/mediakolor.pl\/\">Mediakolor<\/a><\/p>\n\n\n<div class=\"wp-block-image\">\n<figure class=\"aligncenter\"><img loading=\"lazy\" decoding=\"async\" width=\"576\" height=\"179\" src=\"https:\/\/konferencja.pwplock.edu.pl\/wp-content\/uploads\/2025\/04\/image-15.png\" alt=\"\" class=\"wp-image-370\" srcset=\"https:\/\/konferencja.pwplock.edu.pl\/wp-content\/uploads\/2025\/04\/image-15.png 576w, https:\/\/konferencja.pwplock.edu.pl\/wp-content\/uploads\/2025\/04\/image-15-300x93.png 300w\" sizes=\"(max-width: 576px) 100vw, 576px\" \/><\/figure>\n<\/div>\n\n\n<p><strong>Pozostali Sponsorzy<\/strong><\/p>\n\n\n\n<p><a href=\"https:\/\/www.softhard.com.pl\/\">SoftHard S.A.<\/a><\/p>\n\n\n\n<p><a href=\"https:\/\/blisspoint.space\/\">BlissPoint.space<\/a><\/p>\n\n\n<div class=\"wp-block-image\">\n<figure class=\"aligncenter is-resized\"><img loading=\"lazy\" decoding=\"async\" width=\"608\" height=\"103\" src=\"https:\/\/konferencja.pwplock.edu.pl\/wp-content\/uploads\/2025\/04\/image-16.png\" alt=\"\" class=\"wp-image-372\" style=\"width:840px;height:auto\" srcset=\"https:\/\/konferencja.pwplock.edu.pl\/wp-content\/uploads\/2025\/04\/image-16.png 608w, https:\/\/konferencja.pwplock.edu.pl\/wp-content\/uploads\/2025\/04\/image-16-300x51.png 300w\" sizes=\"(max-width: 608px) 100vw, 608px\" \/><\/figure>\n<\/div>\n\n\n<h2 class=\"wp-block-heading\"><strong>Kontakt<\/strong><\/h2>\n\n\n\n<p>Kolegium Nauk Ekonomicznych i Spo\u0142ecznych,<\/p>\n\n\n\n<p>Politechnika Warszawska, Filia w P\u0142ocku<\/p>\n\n\n\n<p>ul. \u0141ukasiewicza 17, 09-400 P\u0142ock<\/p>\n\n\n\n<p>adres e-mail: konferencje.knes@pw.edu.pl<\/p>\n\n\n\n<p><strong>Zdj\u0119cia<\/strong><\/p>\n\n\n<div class=\"wp-block-image\">\n<figure class=\"aligncenter size-full\"><img loading=\"lazy\" decoding=\"async\" width=\"585\" height=\"390\" src=\"https:\/\/konferencja.pwplock.edu.pl\/wp-content\/uploads\/2025\/10\/image-11.png\" alt=\"\" class=\"wp-image-538\" srcset=\"https:\/\/konferencja.pwplock.edu.pl\/wp-content\/uploads\/2025\/10\/image-11.png 585w, https:\/\/konferencja.pwplock.edu.pl\/wp-content\/uploads\/2025\/10\/image-11-300x200.png 300w\" sizes=\"(max-width: 585px) 100vw, 585px\" \/><\/figure>\n<\/div>\n\n<div class=\"wp-block-image\">\n<figure class=\"aligncenter size-full\"><img loading=\"lazy\" decoding=\"async\" width=\"585\" height=\"390\" src=\"https:\/\/konferencja.pwplock.edu.pl\/wp-content\/uploads\/2025\/10\/image-12.png\" alt=\"\" class=\"wp-image-539\" srcset=\"https:\/\/konferencja.pwplock.edu.pl\/wp-content\/uploads\/2025\/10\/image-12.png 585w, https:\/\/konferencja.pwplock.edu.pl\/wp-content\/uploads\/2025\/10\/image-12-300x200.png 300w\" sizes=\"(max-width: 585px) 100vw, 585px\" \/><\/figure>\n<\/div>\n\n<div class=\"wp-block-image\">\n<figure class=\"aligncenter size-full\"><img loading=\"lazy\" decoding=\"async\" width=\"585\" height=\"270\" src=\"https:\/\/konferencja.pwplock.edu.pl\/wp-content\/uploads\/2025\/10\/image-13.png\" alt=\"\" class=\"wp-image-540\" srcset=\"https:\/\/konferencja.pwplock.edu.pl\/wp-content\/uploads\/2025\/10\/image-13.png 585w, https:\/\/konferencja.pwplock.edu.pl\/wp-content\/uploads\/2025\/10\/image-13-300x138.png 300w\" sizes=\"(max-width: 585px) 100vw, 585px\" \/><\/figure>\n<\/div>\n\n<div class=\"wp-block-image\">\n<figure class=\"aligncenter size-full\"><img loading=\"lazy\" decoding=\"async\" width=\"585\" height=\"390\" src=\"https:\/\/konferencja.pwplock.edu.pl\/wp-content\/uploads\/2025\/10\/image-14.png\" alt=\"\" class=\"wp-image-542\" srcset=\"https:\/\/konferencja.pwplock.edu.pl\/wp-content\/uploads\/2025\/10\/image-14.png 585w, https:\/\/konferencja.pwplock.edu.pl\/wp-content\/uploads\/2025\/10\/image-14-300x200.png 300w\" sizes=\"(max-width: 585px) 100vw, 585px\" \/><\/figure>\n<\/div>\n\n<div class=\"wp-block-image\">\n<figure class=\"aligncenter size-full\"><img loading=\"lazy\" decoding=\"async\" width=\"585\" height=\"390\" src=\"https:\/\/konferencja.pwplock.edu.pl\/wp-content\/uploads\/2025\/10\/image-15.png\" alt=\"\" class=\"wp-image-543\" srcset=\"https:\/\/konferencja.pwplock.edu.pl\/wp-content\/uploads\/2025\/10\/image-15.png 585w, https:\/\/konferencja.pwplock.edu.pl\/wp-content\/uploads\/2025\/10\/image-15-300x200.png 300w\" sizes=\"(max-width: 585px) 100vw, 585px\" \/><\/figure>\n<\/div>\n\n\n<p><\/p>\n","protected":false},"excerpt":{"rendered":"<p>Konferencja naukowa&nbsp;\u201eWsp\u00f3\u0142czesne problemy rozwoju gospodarczego\u201d organizowana jest od 2013 roku przez Kolegium Nauk Ekonomicznych i Spo\u0142ecznych Politechniki Warszawskiej, Filia w P\u0142ocku oraz KN SONDA. W tym roku przypada jej XIII. ju\u017c edycja \u201eWyzwania gospodarki cyfrowej\u201d.&nbsp;Dodatkowo, w tym roku konferencja jest po\u0142\u0105czona z jubileuszem 30-lecia funkcjonowania Kolegium Nauk Ekonomicznych i Spo\u0142ecznych. Konferencja naukowa w P\u0142ocku&nbsp;jest adresowana&hellip;<\/p>\n","protected":false},"author":3,"featured_media":0,"parent":0,"menu_order":0,"comment_status":"closed","ping_status":"closed","template":"","meta":{"footnotes":""},"class_list":["post-478","page","type-page","status-publish","hentry"],"yoast_head":"<!-- This site is optimized with the Yoast SEO plugin v25.0 - https:\/\/yoast.com\/wordpress\/plugins\/seo\/ -->\n<title>XIII Mi\u0119dzynarodowa Konferencja Naukowa - MI\u0118DZYNARODOWA KONFERENCJA NAUKOWA<\/title>\n<meta name=\"robots\" content=\"index, follow, max-snippet:-1, max-image-preview:large, max-video-preview:-1\" \/>\n<link rel=\"canonical\" href=\"https:\/\/konferencja.pwplock.edu.pl\/?page_id=478\" \/>\n<meta property=\"og:locale\" content=\"pl_PL\" \/>\n<meta property=\"og:type\" content=\"article\" \/>\n<meta property=\"og:title\" content=\"XIII Mi\u0119dzynarodowa Konferencja Naukowa - MI\u0118DZYNARODOWA KONFERENCJA NAUKOWA\" \/>\n<meta property=\"og:description\" content=\"Konferencja naukowa&nbsp;\u201eWsp\u00f3\u0142czesne problemy rozwoju gospodarczego\u201d organizowana jest od 2013 roku przez Kolegium Nauk Ekonomicznych i Spo\u0142ecznych Politechniki Warszawskiej, Filia w P\u0142ocku oraz KN SONDA. W tym roku przypada jej XIII. ju\u017c edycja \u201eWyzwania gospodarki cyfrowej\u201d.&nbsp;Dodatkowo, w tym roku konferencja jest po\u0142\u0105czona z jubileuszem 30-lecia funkcjonowania Kolegium Nauk Ekonomicznych i Spo\u0142ecznych. Konferencja naukowa w P\u0142ocku&nbsp;jest adresowana&hellip;\" \/>\n<meta property=\"og:url\" content=\"https:\/\/konferencja.pwplock.edu.pl\/?page_id=478\" \/>\n<meta property=\"og:site_name\" content=\"MI\u0118DZYNARODOWA KONFERENCJA NAUKOWA\" \/>\n<meta property=\"article:publisher\" content=\"https:\/\/www.facebook.com\/politechnika.plock\/?locale=pl_PL\" \/>\n<meta property=\"article:modified_time\" content=\"2025-10-31T10:11:48+00:00\" \/>\n<meta property=\"og:image\" content=\"https:\/\/konferencja.pwplock.edu.pl\/wp-content\/uploads\/2025\/10\/image.png\" \/>\n\t<meta property=\"og:image:width\" content=\"756\" \/>\n\t<meta property=\"og:image:height\" content=\"252\" \/>\n\t<meta property=\"og:image:type\" content=\"image\/png\" \/>\n<meta name=\"twitter:card\" content=\"summary_large_image\" \/>\n<meta name=\"twitter:site\" content=\"@pw_plock\" \/>\n<meta name=\"twitter:label1\" content=\"Szacowany czas czytania\" \/>\n\t<meta name=\"twitter:data1\" content=\"13 minut\" \/>\n<script type=\"application\/ld+json\" class=\"yoast-schema-graph\">{\"@context\":\"https:\/\/schema.org\",\"@graph\":[{\"@type\":\"WebPage\",\"@id\":\"https:\/\/konferencja.pwplock.edu.pl\/?page_id=478\",\"url\":\"https:\/\/konferencja.pwplock.edu.pl\/?page_id=478\",\"name\":\"XIII Mi\u0119dzynarodowa Konferencja Naukowa - MI\u0118DZYNARODOWA KONFERENCJA NAUKOWA\",\"isPartOf\":{\"@id\":\"https:\/\/konferencja.pwplock.edu.pl\/#website\"},\"primaryImageOfPage\":{\"@id\":\"https:\/\/konferencja.pwplock.edu.pl\/?page_id=478#primaryimage\"},\"image\":{\"@id\":\"https:\/\/konferencja.pwplock.edu.pl\/?page_id=478#primaryimage\"},\"thumbnailUrl\":\"https:\/\/konferencja.pwplock.edu.pl\/wp-content\/uploads\/2025\/10\/image.png\",\"datePublished\":\"2025-10-31T07:27:53+00:00\",\"dateModified\":\"2025-10-31T10:11:48+00:00\",\"breadcrumb\":{\"@id\":\"https:\/\/konferencja.pwplock.edu.pl\/?page_id=478#breadcrumb\"},\"inLanguage\":\"pl-PL\",\"potentialAction\":[{\"@type\":\"ReadAction\",\"target\":[\"https:\/\/konferencja.pwplock.edu.pl\/?page_id=478\"]}]},{\"@type\":\"ImageObject\",\"inLanguage\":\"pl-PL\",\"@id\":\"https:\/\/konferencja.pwplock.edu.pl\/?page_id=478#primaryimage\",\"url\":\"https:\/\/konferencja.pwplock.edu.pl\/wp-content\/uploads\/2025\/10\/image.png\",\"contentUrl\":\"https:\/\/konferencja.pwplock.edu.pl\/wp-content\/uploads\/2025\/10\/image.png\",\"width\":756,\"height\":252},{\"@type\":\"BreadcrumbList\",\"@id\":\"https:\/\/konferencja.pwplock.edu.pl\/?page_id=478#breadcrumb\",\"itemListElement\":[{\"@type\":\"ListItem\",\"position\":1,\"name\":\"Strona g\u0142\u00f3wna\",\"item\":\"https:\/\/konferencja.pwplock.edu.pl\/\"},{\"@type\":\"ListItem\",\"position\":2,\"name\":\"XIII Mi\u0119dzynarodowa Konferencja Naukowa\"}]},{\"@type\":\"WebSite\",\"@id\":\"https:\/\/konferencja.pwplock.edu.pl\/#website\",\"url\":\"https:\/\/konferencja.pwplock.edu.pl\/\",\"name\":\"MI\u0118DZYNARODOWA KONFERENCJA NAUKOWA\",\"description\":\"KNEiS - Politechnika Warszawska Filia w P\u0142ocku\",\"publisher\":{\"@id\":\"https:\/\/konferencja.pwplock.edu.pl\/#organization\"},\"alternateName\":\"KNEiS - Politechnika Warszawska Filia w P\u0142ocku\",\"potentialAction\":[{\"@type\":\"SearchAction\",\"target\":{\"@type\":\"EntryPoint\",\"urlTemplate\":\"https:\/\/konferencja.pwplock.edu.pl\/?s={search_term_string}\"},\"query-input\":{\"@type\":\"PropertyValueSpecification\",\"valueRequired\":true,\"valueName\":\"search_term_string\"}}],\"inLanguage\":\"pl-PL\"},{\"@type\":\"Organization\",\"@id\":\"https:\/\/konferencja.pwplock.edu.pl\/#organization\",\"name\":\"Politechnika Warszawska Filia w P\u0142ocku\",\"alternateName\":\"Mi\u0119dzynarodowa Konferencja Naukowa\",\"url\":\"https:\/\/konferencja.pwplock.edu.pl\/\",\"logo\":{\"@type\":\"ImageObject\",\"inLanguage\":\"pl-PL\",\"@id\":\"https:\/\/konferencja.pwplock.edu.pl\/#\/schema\/logo\/image\/\",\"url\":\"https:\/\/konferencja.pwplock.edu.pl\/wp-content\/uploads\/2025\/02\/baner-Kneis-2025-2-1-1024x341-1.png\",\"contentUrl\":\"https:\/\/konferencja.pwplock.edu.pl\/wp-content\/uploads\/2025\/02\/baner-Kneis-2025-2-1-1024x341-1.png\",\"width\":1024,\"height\":341,\"caption\":\"Politechnika Warszawska Filia w P\u0142ocku\"},\"image\":{\"@id\":\"https:\/\/konferencja.pwplock.edu.pl\/#\/schema\/logo\/image\/\"},\"sameAs\":[\"https:\/\/www.facebook.com\/politechnika.plock\/?locale=pl_PL\",\"https:\/\/x.com\/pw_plock\",\"https:\/\/www.instagram.com\/knsonda_pwplock\/\",\"https:\/\/www.linkedin.com\/company\/ko\u0142o-naukowe-sonda\/\"]}]}<\/script>\n<!-- \/ Yoast SEO plugin. -->","yoast_head_json":{"title":"XIII Mi\u0119dzynarodowa Konferencja Naukowa - MI\u0118DZYNARODOWA KONFERENCJA NAUKOWA","robots":{"index":"index","follow":"follow","max-snippet":"max-snippet:-1","max-image-preview":"max-image-preview:large","max-video-preview":"max-video-preview:-1"},"canonical":"https:\/\/konferencja.pwplock.edu.pl\/?page_id=478","og_locale":"pl_PL","og_type":"article","og_title":"XIII Mi\u0119dzynarodowa Konferencja Naukowa - MI\u0118DZYNARODOWA KONFERENCJA NAUKOWA","og_description":"Konferencja naukowa&nbsp;\u201eWsp\u00f3\u0142czesne problemy rozwoju gospodarczego\u201d organizowana jest od 2013 roku przez Kolegium Nauk Ekonomicznych i Spo\u0142ecznych Politechniki Warszawskiej, Filia w P\u0142ocku oraz KN SONDA. W tym roku przypada jej XIII. ju\u017c edycja \u201eWyzwania gospodarki cyfrowej\u201d.&nbsp;Dodatkowo, w tym roku konferencja jest po\u0142\u0105czona z jubileuszem 30-lecia funkcjonowania Kolegium Nauk Ekonomicznych i Spo\u0142ecznych. Konferencja naukowa w P\u0142ocku&nbsp;jest adresowana&hellip;","og_url":"https:\/\/konferencja.pwplock.edu.pl\/?page_id=478","og_site_name":"MI\u0118DZYNARODOWA KONFERENCJA NAUKOWA","article_publisher":"https:\/\/www.facebook.com\/politechnika.plock\/?locale=pl_PL","article_modified_time":"2025-10-31T10:11:48+00:00","og_image":[{"width":756,"height":252,"url":"https:\/\/konferencja.pwplock.edu.pl\/wp-content\/uploads\/2025\/10\/image.png","type":"image\/png"}],"twitter_card":"summary_large_image","twitter_site":"@pw_plock","twitter_misc":{"Szacowany czas czytania":"13 minut"},"schema":{"@context":"https:\/\/schema.org","@graph":[{"@type":"WebPage","@id":"https:\/\/konferencja.pwplock.edu.pl\/?page_id=478","url":"https:\/\/konferencja.pwplock.edu.pl\/?page_id=478","name":"XIII Mi\u0119dzynarodowa Konferencja Naukowa - MI\u0118DZYNARODOWA KONFERENCJA NAUKOWA","isPartOf":{"@id":"https:\/\/konferencja.pwplock.edu.pl\/#website"},"primaryImageOfPage":{"@id":"https:\/\/konferencja.pwplock.edu.pl\/?page_id=478#primaryimage"},"image":{"@id":"https:\/\/konferencja.pwplock.edu.pl\/?page_id=478#primaryimage"},"thumbnailUrl":"https:\/\/konferencja.pwplock.edu.pl\/wp-content\/uploads\/2025\/10\/image.png","datePublished":"2025-10-31T07:27:53+00:00","dateModified":"2025-10-31T10:11:48+00:00","breadcrumb":{"@id":"https:\/\/konferencja.pwplock.edu.pl\/?page_id=478#breadcrumb"},"inLanguage":"pl-PL","potentialAction":[{"@type":"ReadAction","target":["https:\/\/konferencja.pwplock.edu.pl\/?page_id=478"]}]},{"@type":"ImageObject","inLanguage":"pl-PL","@id":"https:\/\/konferencja.pwplock.edu.pl\/?page_id=478#primaryimage","url":"https:\/\/konferencja.pwplock.edu.pl\/wp-content\/uploads\/2025\/10\/image.png","contentUrl":"https:\/\/konferencja.pwplock.edu.pl\/wp-content\/uploads\/2025\/10\/image.png","width":756,"height":252},{"@type":"BreadcrumbList","@id":"https:\/\/konferencja.pwplock.edu.pl\/?page_id=478#breadcrumb","itemListElement":[{"@type":"ListItem","position":1,"name":"Strona g\u0142\u00f3wna","item":"https:\/\/konferencja.pwplock.edu.pl\/"},{"@type":"ListItem","position":2,"name":"XIII Mi\u0119dzynarodowa Konferencja Naukowa"}]},{"@type":"WebSite","@id":"https:\/\/konferencja.pwplock.edu.pl\/#website","url":"https:\/\/konferencja.pwplock.edu.pl\/","name":"MI\u0118DZYNARODOWA KONFERENCJA NAUKOWA","description":"KNEiS - Politechnika Warszawska Filia w P\u0142ocku","publisher":{"@id":"https:\/\/konferencja.pwplock.edu.pl\/#organization"},"alternateName":"KNEiS - Politechnika Warszawska Filia w P\u0142ocku","potentialAction":[{"@type":"SearchAction","target":{"@type":"EntryPoint","urlTemplate":"https:\/\/konferencja.pwplock.edu.pl\/?s={search_term_string}"},"query-input":{"@type":"PropertyValueSpecification","valueRequired":true,"valueName":"search_term_string"}}],"inLanguage":"pl-PL"},{"@type":"Organization","@id":"https:\/\/konferencja.pwplock.edu.pl\/#organization","name":"Politechnika Warszawska Filia w P\u0142ocku","alternateName":"Mi\u0119dzynarodowa Konferencja Naukowa","url":"https:\/\/konferencja.pwplock.edu.pl\/","logo":{"@type":"ImageObject","inLanguage":"pl-PL","@id":"https:\/\/konferencja.pwplock.edu.pl\/#\/schema\/logo\/image\/","url":"https:\/\/konferencja.pwplock.edu.pl\/wp-content\/uploads\/2025\/02\/baner-Kneis-2025-2-1-1024x341-1.png","contentUrl":"https:\/\/konferencja.pwplock.edu.pl\/wp-content\/uploads\/2025\/02\/baner-Kneis-2025-2-1-1024x341-1.png","width":1024,"height":341,"caption":"Politechnika Warszawska Filia w P\u0142ocku"},"image":{"@id":"https:\/\/konferencja.pwplock.edu.pl\/#\/schema\/logo\/image\/"},"sameAs":["https:\/\/www.facebook.com\/politechnika.plock\/?locale=pl_PL","https:\/\/x.com\/pw_plock","https:\/\/www.instagram.com\/knsonda_pwplock\/","https:\/\/www.linkedin.com\/company\/ko\u0142o-naukowe-sonda\/"]}]}},"_links":{"self":[{"href":"https:\/\/konferencja.pwplock.edu.pl\/index.php?rest_route=\/wp\/v2\/pages\/478","targetHints":{"allow":["GET"]}}],"collection":[{"href":"https:\/\/konferencja.pwplock.edu.pl\/index.php?rest_route=\/wp\/v2\/pages"}],"about":[{"href":"https:\/\/konferencja.pwplock.edu.pl\/index.php?rest_route=\/wp\/v2\/types\/page"}],"author":[{"embeddable":true,"href":"https:\/\/konferencja.pwplock.edu.pl\/index.php?rest_route=\/wp\/v2\/users\/3"}],"replies":[{"embeddable":true,"href":"https:\/\/konferencja.pwplock.edu.pl\/index.php?rest_route=%2Fwp%2Fv2%2Fcomments&post=478"}],"version-history":[{"count":8,"href":"https:\/\/konferencja.pwplock.edu.pl\/index.php?rest_route=\/wp\/v2\/pages\/478\/revisions"}],"predecessor-version":[{"id":544,"href":"https:\/\/konferencja.pwplock.edu.pl\/index.php?rest_route=\/wp\/v2\/pages\/478\/revisions\/544"}],"wp:attachment":[{"href":"https:\/\/konferencja.pwplock.edu.pl\/index.php?rest_route=%2Fwp%2Fv2%2Fmedia&parent=478"}],"curies":[{"name":"wp","href":"https:\/\/api.w.org\/{rel}","templated":true}]}}